{"id":2542,"date":"2023-06-19T11:53:47","date_gmt":"2023-06-19T09:53:47","guid":{"rendered":"https:\/\/feinsinn.ukoo.hosting\/?page_id=2542"},"modified":"2024-07-15T09:27:14","modified_gmt":"2024-07-15T07:27:14","slug":"prophylaxe","status":"publish","type":"page","link":"https:\/\/www.feinsinn-zahngesundheit.ch\/de\/dentisterie-biologique\/autres-traitements\/la-prophylaxie\/","title":{"rendered":"Die Prophylaxe"},"content":{"rendered":"<div data-elementor-type=\"wp-page\" data-elementor-id=\"2542\" class=\"elementor elementor-2542\" data-elementor-post-type=\"page\">\n\t\t\t\t\t\t<section class=\"elementor-section elementor-top-section elementor-element elementor-element-49494984 elementor-section-height-min-height elementor-section-boxed elementor-section-height-default elementor-section-items-middle\" data-id=\"49494984\" data-element_type=\"section\" data-e-type=\"section\" data-settings=\"{&quot;background_background&quot;:&quot;classic&quot;,&quot;jet_parallax_layout_list&quot;:[]}\">\n\t\t\t\t\t\t<div class=\"elementor-container elementor-column-gap-default\">\n\t\t\t\t\t<div class=\"elementor-column elementor-col-100 elementor-top-column elementor-element elementor-element-582aea0f\" data-id=\"582aea0f\" data-element_type=\"column\" data-e-type=\"column\">\n\t\t\t<div class=\"elementor-widget-wrap elementor-element-populated\">\n\t\t\t\t\t\t<div class=\"elementor-element elementor-element-20e2d675 elementor-widget elementor-widget-breadcrumbs\" data-id=\"20e2d675\" data-element_type=\"widget\" data-e-type=\"widget\" data-widget_type=\"breadcrumbs.default\">\n\t\t\t\t<div class=\"elementor-widget-container\">\n\t\t\t\t\t<p id=\"breadcrumbs\"><span><span><a href=\"https:\/\/www.feinsinn-zahngesundheit.ch\/de\/\">Home<\/a><\/span><\/span><\/p>\t\t\t\t<\/div>\n\t\t\t\t<\/div>\n\t\t\t\t\t<\/div>\n\t\t<\/div>\n\t\t\t\t\t<\/div>\n\t\t<\/section>\n\t\t\t\t<section class=\"elementor-section elementor-top-section elementor-element elementor-element-859ce7b elementor-reverse-tablet elementor-reverse-mobile elementor-section-boxed elementor-section-height-default elementor-section-height-default\" data-id=\"859ce7b\" data-element_type=\"section\" data-e-type=\"section\" data-settings=\"{&quot;jet_parallax_layout_list&quot;:[]}\">\n\t\t\t\t\t\t<div class=\"elementor-container elementor-column-gap-default\">\n\t\t\t\t\t<div class=\"elementor-column elementor-col-50 elementor-top-column elementor-element elementor-element-f8f64c7\" data-id=\"f8f64c7\" data-element_type=\"column\" data-e-type=\"column\">\n\t\t\t<div class=\"elementor-widget-wrap elementor-element-populated\">\n\t\t\t\t\t\t<div class=\"elementor-element elementor-element-ed2e9b2 elementor-widget elementor-widget-image\" data-id=\"ed2e9b2\" data-element_type=\"widget\" data-e-type=\"widget\" data-widget_type=\"image.default\">\n\t\t\t\t<div class=\"elementor-widget-container\">\n\t\t\t\t\t\t\t\t\t\t\t\t\t\t\t<img fetchpriority=\"high\" decoding=\"async\" width=\"640\" height=\"427\" src=\"https:\/\/www.feinsinn-zahngesundheit.ch\/wp-content\/uploads\/2023\/07\/prophylaxie-1024x683.webp\" class=\"attachment-large size-large wp-image-3623\" alt=\"\" srcset=\"https:\/\/www.feinsinn-zahngesundheit.ch\/wp-content\/uploads\/2023\/07\/prophylaxie-1024x683.webp 1024w, https:\/\/www.feinsinn-zahngesundheit.ch\/wp-content\/uploads\/2023\/07\/prophylaxie-300x200.webp 300w, https:\/\/www.feinsinn-zahngesundheit.ch\/wp-content\/uploads\/2023\/07\/prophylaxie-768x512.webp 768w, https:\/\/www.feinsinn-zahngesundheit.ch\/wp-content\/uploads\/2023\/07\/prophylaxie-1536x1024.webp 1536w, https:\/\/www.feinsinn-zahngesundheit.ch\/wp-content\/uploads\/2023\/07\/prophylaxie-18x12.webp 18w, https:\/\/www.feinsinn-zahngesundheit.ch\/wp-content\/uploads\/2023\/07\/prophylaxie.webp 2048w\" sizes=\"(max-width: 640px) 100vw, 640px\" \/>\t\t\t\t\t\t\t\t\t\t\t\t\t\t\t<\/div>\n\t\t\t\t<\/div>\n\t\t\t\t\t<\/div>\n\t\t<\/div>\n\t\t\t\t<div class=\"elementor-column elementor-col-50 elementor-top-column elementor-element elementor-element-8c6b833\" data-id=\"8c6b833\" data-element_type=\"column\" data-e-type=\"column\">\n\t\t\t<div class=\"elementor-widget-wrap elementor-element-populated\">\n\t\t\t\t\t\t<div class=\"elementor-element elementor-element-b96ec08 elementor-widget elementor-widget-heading\" data-id=\"b96ec08\" data-element_type=\"widget\" data-e-type=\"widget\" data-widget_type=\"heading.default\">\n\t\t\t\t<div class=\"elementor-widget-container\">\n\t\t\t\t\t<h2 class=\"elementor-heading-title elementor-size-xl\">Die Prophylaxe<\/h2>\t\t\t\t<\/div>\n\t\t\t\t<\/div>\n\t\t\t\t<div class=\"elementor-element elementor-element-c723b3d elementor-widget-divider--view-line elementor-widget elementor-widget-divider\" data-id=\"c723b3d\" data-element_type=\"widget\" data-e-type=\"widget\" data-widget_type=\"divider.default\">\n\t\t\t\t<div class=\"elementor-widget-container\">\n\t\t\t\t\t\t\t<div class=\"elementor-divider\">\n\t\t\t<span class=\"elementor-divider-separator\">\n\t\t\t\t\t\t<\/span>\n\t\t<\/div>\n\t\t\t\t\t\t<\/div>\n\t\t\t\t<\/div>\n\t\t\t\t<div class=\"elementor-element elementor-element-f3baa71 elementor-widget elementor-widget-text-editor\" data-id=\"f3baa71\" data-element_type=\"widget\" data-e-type=\"widget\" data-widget_type=\"text-editor.default\">\n\t\t\t\t<div class=\"elementor-widget-container\">\n\t\t\t\t\t\t\t\t\t<p style=\"font-family: var(--headingFontfamily);    font-weight: bold;font-size: 1.5rem;margin-top: 0;    margin-bottom: 0.5rem;    font-weight: 500;    line-height: 1.2;\"><span style=\"font-weight: 400;\">Die Prophylaxe ist keine Impfung. Sie schr\u00e4nkt jedoch das Risiko eines erneuten Auftretens von Karies und Periodontalinfektionen stark ein.<\/span><\/p>\nEs ist allgemein anerkannt, dass Patienten mit Zahnbehandlungen, festsitzendem oder teilweise herausnehmbarem Zahnersatz mindestens zweimal pro Jahr eine Prophylaxe ben\u00f6tigen. W\u00e4hrend dieser Sitzungen k\u00f6nnen wir retroalveol\u00e4re R\u00f6ntgenuntersuchungen oder eine Panoramauntersuchung durchf\u00fchren, um die Gesundheit des Kiefers zu \u00fcberpr\u00fcfen, die mit blo\u00dfem Auge nicht sichtbar sind.\t\t\t\t\t\t\t\t<\/div>\n\t\t\t\t<\/div>\n\t\t\t\t\t<\/div>\n\t\t<\/div>\n\t\t\t\t\t<\/div>\n\t\t<\/section>\n\t\t\t\t<\/div>","protected":false},"excerpt":{"rendered":"<p>La prophylaxie La prophylaxie n\u2019est pas un vaccin. Cependant, elle limite fortement les risques de r\u00e9cidive des infections carieuses et parodontales. De mani\u00e8re consensuelle, il est admis qu\u2019un patient qui porte des soins dentaires, des proth\u00e8ses fix\u00e9es ou amovibles partielles devra suivre une prophylaxie au minimum deux fois par an. Lors de ces s\u00e9ances, nous <\/p>","protected":false},"author":1,"featured_media":3427,"parent":3454,"menu_order":0,"comment_status":"closed","ping_status":"closed","template":"elementor_header_footer","meta":{"footnotes":""},"class_list":["post-2542","page","type-page","status-publish","has-post-thumbnail","hentry"],"acf":[],"yoast_head":"<!-- This site is optimized with the Yoast SEO plugin v27.3 - https:\/\/yoast.com\/product\/yoast-seo-wordpress\/ -->\n<title>La prophylaxie - Feinsinn<\/title>\n<meta name=\"description\" content=\"La prophylaxie est un examen r\u00e9current \u00e0 suivre apr\u00e8s certains soins dentaires. Retrouvez les conditions d&#039;application de ce suivi par nos docteurs.\" \/>\n<meta name=\"robots\" content=\"index, follow, max-snippet:-1, max-image-preview:large, max-video-preview:-1\" \/>\n<link rel=\"canonical\" href=\"https:\/\/www.feinsinn-zahngesundheit.ch\/de\/biologische-zahnmedizin\/autres-traitements\/prophylaxe\/\" \/>\n<meta property=\"og:locale\" content=\"de_DE\" \/>\n<meta property=\"og:type\" content=\"article\" \/>\n<meta property=\"og:title\" content=\"La prophylaxie - Feinsinn\" \/>\n<meta property=\"og:description\" content=\"La prophylaxie est un examen r\u00e9current \u00e0 suivre apr\u00e8s certains soins dentaires. Retrouvez les conditions d&#039;application de ce suivi par nos docteurs.\" \/>\n<meta property=\"og:url\" content=\"https:\/\/www.feinsinn-zahngesundheit.ch\/de\/biologische-zahnmedizin\/autres-traitements\/prophylaxe\/\" \/>\n<meta property=\"og:site_name\" content=\"Feinsinn\" \/>\n<meta property=\"article:modified_time\" content=\"2024-07-15T07:27:14+00:00\" \/>\n<meta property=\"og:image\" content=\"https:\/\/www.feinsinn-zahngesundheit.ch\/wp-content\/uploads\/2023\/07\/bandeau-traitements.jpg\" \/>\n\t<meta property=\"og:image:width\" content=\"1920\" \/>\n\t<meta property=\"og:image:height\" content=\"300\" \/>\n\t<meta property=\"og:image:type\" content=\"image\/jpeg\" \/>\n<meta name=\"twitter:card\" content=\"summary_large_image\" \/>\n<meta name=\"twitter:label1\" content=\"Gesch\u00e4tzte Lesezeit\" \/>\n\t<meta name=\"twitter:data1\" content=\"1\u00a0Minute\" \/>\n<script type=\"application\/ld+json\" class=\"yoast-schema-graph\">{\"@context\":\"https:\\\/\\\/schema.org\",\"@graph\":[{\"@type\":\"WebPage\",\"@id\":\"https:\\\/\\\/www.feinsinn-zahngesundheit.ch\\\/fr\\\/dentisterie-biologique\\\/autres-traitements\\\/la-prophylaxie\\\/\",\"url\":\"https:\\\/\\\/www.feinsinn-zahngesundheit.ch\\\/fr\\\/dentisterie-biologique\\\/autres-traitements\\\/la-prophylaxie\\\/\",\"name\":\"La prophylaxie - Feinsinn\",\"isPartOf\":{\"@id\":\"https:\\\/\\\/www.feinsinn-zahngesundheit.ch\\\/#website\"},\"primaryImageOfPage\":{\"@id\":\"https:\\\/\\\/www.feinsinn-zahngesundheit.ch\\\/fr\\\/dentisterie-biologique\\\/autres-traitements\\\/la-prophylaxie\\\/#primaryimage\"},\"image\":{\"@id\":\"https:\\\/\\\/www.feinsinn-zahngesundheit.ch\\\/fr\\\/dentisterie-biologique\\\/autres-traitements\\\/la-prophylaxie\\\/#primaryimage\"},\"thumbnailUrl\":\"https:\\\/\\\/www.feinsinn-zahngesundheit.ch\\\/wp-content\\\/uploads\\\/2023\\\/07\\\/bandeau-traitements.jpg\",\"datePublished\":\"2023-06-19T09:53:47+00:00\",\"dateModified\":\"2024-07-15T07:27:14+00:00\",\"description\":\"La prophylaxie est un examen r\u00e9current \u00e0 suivre apr\u00e8s certains soins dentaires. Retrouvez les conditions d'application de ce suivi par nos docteurs.\",\"breadcrumb\":{\"@id\":\"https:\\\/\\\/www.feinsinn-zahngesundheit.ch\\\/fr\\\/dentisterie-biologique\\\/autres-traitements\\\/la-prophylaxie\\\/#breadcrumb\"},\"inLanguage\":\"de\",\"potentialAction\":[{\"@type\":\"ReadAction\",\"target\":[\"https:\\\/\\\/www.feinsinn-zahngesundheit.ch\\\/fr\\\/dentisterie-biologique\\\/autres-traitements\\\/la-prophylaxie\\\/\"]}]},{\"@type\":\"ImageObject\",\"inLanguage\":\"de\",\"@id\":\"https:\\\/\\\/www.feinsinn-zahngesundheit.ch\\\/fr\\\/dentisterie-biologique\\\/autres-traitements\\\/la-prophylaxie\\\/#primaryimage\",\"url\":\"https:\\\/\\\/www.feinsinn-zahngesundheit.ch\\\/wp-content\\\/uploads\\\/2023\\\/07\\\/bandeau-traitements.jpg\",\"contentUrl\":\"https:\\\/\\\/www.feinsinn-zahngesundheit.ch\\\/wp-content\\\/uploads\\\/2023\\\/07\\\/bandeau-traitements.jpg\",\"width\":1920,\"height\":300},{\"@type\":\"BreadcrumbList\",\"@id\":\"https:\\\/\\\/www.feinsinn-zahngesundheit.ch\\\/fr\\\/dentisterie-biologique\\\/autres-traitements\\\/la-prophylaxie\\\/#breadcrumb\",\"itemListElement\":[{\"@type\":\"ListItem\",\"position\":1,\"name\":\"Home\",\"item\":\"https:\\\/\\\/www.feinsinn-zahngesundheit.ch\\\/\"},{\"@type\":\"ListItem\",\"position\":2,\"name\":\"Medecine dentaire biologique int\u00e9grative\",\"item\":\"https:\\\/\\\/www.feinsinn-zahngesundheit.ch\\\/dentisterie-biologique\\\/\"},{\"@type\":\"ListItem\",\"position\":3,\"name\":\"Autres traitements\",\"item\":\"https:\\\/\\\/www.feinsinn-zahngesundheit.ch\\\/dentisterie-biologique\\\/autres-traitements\\\/\"},{\"@type\":\"ListItem\",\"position\":4,\"name\":\"La prophylaxie\"}]},{\"@type\":\"WebSite\",\"@id\":\"https:\\\/\\\/www.feinsinn-zahngesundheit.ch\\\/#website\",\"url\":\"https:\\\/\\\/www.feinsinn-zahngesundheit.ch\\\/\",\"name\":\"Feinsinn\",\"description\":\"\",\"publisher\":{\"@id\":\"https:\\\/\\\/www.feinsinn-zahngesundheit.ch\\\/#organization\"},\"potentialAction\":[{\"@type\":\"SearchAction\",\"target\":{\"@type\":\"EntryPoint\",\"urlTemplate\":\"https:\\\/\\\/www.feinsinn-zahngesundheit.ch\\\/?s={search_term_string}\"},\"query-input\":{\"@type\":\"PropertyValueSpecification\",\"valueRequired\":true,\"valueName\":\"search_term_string\"}}],\"inLanguage\":\"de\"},{\"@type\":\"Organization\",\"@id\":\"https:\\\/\\\/www.feinsinn-zahngesundheit.ch\\\/#organization\",\"name\":\"Feinsinn\",\"url\":\"https:\\\/\\\/www.feinsinn-zahngesundheit.ch\\\/\",\"logo\":{\"@type\":\"ImageObject\",\"inLanguage\":\"de\",\"@id\":\"https:\\\/\\\/www.feinsinn-zahngesundheit.ch\\\/#\\\/schema\\\/logo\\\/image\\\/\",\"url\":\"https:\\\/\\\/www.feinsinn-zahngesundheit.ch\\\/wp-content\\\/uploads\\\/2023\\\/06\\\/logo_feinsinn_rvb.png\",\"contentUrl\":\"https:\\\/\\\/www.feinsinn-zahngesundheit.ch\\\/wp-content\\\/uploads\\\/2023\\\/06\\\/logo_feinsinn_rvb.png\",\"width\":1000,\"height\":335,\"caption\":\"Feinsinn\"},\"image\":{\"@id\":\"https:\\\/\\\/www.feinsinn-zahngesundheit.ch\\\/#\\\/schema\\\/logo\\\/image\\\/\"}}]}<\/script>\n<!-- \/ Yoast SEO plugin. -->","yoast_head_json":{"title":"La prophylaxie - Feinsinn","description":"La prophylaxie est un examen r\u00e9current \u00e0 suivre apr\u00e8s certains soins dentaires. Retrouvez les conditions d'application de ce suivi par nos docteurs.","robots":{"index":"index","follow":"follow","max-snippet":"max-snippet:-1","max-image-preview":"max-image-preview:large","max-video-preview":"max-video-preview:-1"},"canonical":"https:\/\/www.feinsinn-zahngesundheit.ch\/de\/biologische-zahnmedizin\/autres-traitements\/prophylaxe\/","og_locale":"de_DE","og_type":"article","og_title":"La prophylaxie - Feinsinn","og_description":"La prophylaxie est un examen r\u00e9current \u00e0 suivre apr\u00e8s certains soins dentaires. Retrouvez les conditions d'application de ce suivi par nos docteurs.","og_url":"https:\/\/www.feinsinn-zahngesundheit.ch\/de\/biologische-zahnmedizin\/autres-traitements\/prophylaxe\/","og_site_name":"Feinsinn","article_modified_time":"2024-07-15T07:27:14+00:00","og_image":[{"width":1920,"height":300,"url":"https:\/\/www.feinsinn-zahngesundheit.ch\/wp-content\/uploads\/2023\/07\/bandeau-traitements.jpg","type":"image\/jpeg"}],"twitter_card":"summary_large_image","twitter_misc":{"Gesch\u00e4tzte Lesezeit":"1\u00a0Minute"},"schema":{"@context":"https:\/\/schema.org","@graph":[{"@type":"WebPage","@id":"https:\/\/www.feinsinn-zahngesundheit.ch\/fr\/dentisterie-biologique\/autres-traitements\/la-prophylaxie\/","url":"https:\/\/www.feinsinn-zahngesundheit.ch\/fr\/dentisterie-biologique\/autres-traitements\/la-prophylaxie\/","name":"La prophylaxie - Feinsinn","isPartOf":{"@id":"https:\/\/www.feinsinn-zahngesundheit.ch\/#website"},"primaryImageOfPage":{"@id":"https:\/\/www.feinsinn-zahngesundheit.ch\/fr\/dentisterie-biologique\/autres-traitements\/la-prophylaxie\/#primaryimage"},"image":{"@id":"https:\/\/www.feinsinn-zahngesundheit.ch\/fr\/dentisterie-biologique\/autres-traitements\/la-prophylaxie\/#primaryimage"},"thumbnailUrl":"https:\/\/www.feinsinn-zahngesundheit.ch\/wp-content\/uploads\/2023\/07\/bandeau-traitements.jpg","datePublished":"2023-06-19T09:53:47+00:00","dateModified":"2024-07-15T07:27:14+00:00","description":"La prophylaxie est un examen r\u00e9current \u00e0 suivre apr\u00e8s certains soins dentaires. Retrouvez les conditions d'application de ce suivi par nos docteurs.","breadcrumb":{"@id":"https:\/\/www.feinsinn-zahngesundheit.ch\/fr\/dentisterie-biologique\/autres-traitements\/la-prophylaxie\/#breadcrumb"},"inLanguage":"de","potentialAction":[{"@type":"ReadAction","target":["https:\/\/www.feinsinn-zahngesundheit.ch\/fr\/dentisterie-biologique\/autres-traitements\/la-prophylaxie\/"]}]},{"@type":"ImageObject","inLanguage":"de","@id":"https:\/\/www.feinsinn-zahngesundheit.ch\/fr\/dentisterie-biologique\/autres-traitements\/la-prophylaxie\/#primaryimage","url":"https:\/\/www.feinsinn-zahngesundheit.ch\/wp-content\/uploads\/2023\/07\/bandeau-traitements.jpg","contentUrl":"https:\/\/www.feinsinn-zahngesundheit.ch\/wp-content\/uploads\/2023\/07\/bandeau-traitements.jpg","width":1920,"height":300},{"@type":"BreadcrumbList","@id":"https:\/\/www.feinsinn-zahngesundheit.ch\/fr\/dentisterie-biologique\/autres-traitements\/la-prophylaxie\/#breadcrumb","itemListElement":[{"@type":"ListItem","position":1,"name":"Home","item":"https:\/\/www.feinsinn-zahngesundheit.ch\/"},{"@type":"ListItem","position":2,"name":"Medecine dentaire biologique int\u00e9grative","item":"https:\/\/www.feinsinn-zahngesundheit.ch\/dentisterie-biologique\/"},{"@type":"ListItem","position":3,"name":"Autres traitements","item":"https:\/\/www.feinsinn-zahngesundheit.ch\/dentisterie-biologique\/autres-traitements\/"},{"@type":"ListItem","position":4,"name":"La prophylaxie"}]},{"@type":"WebSite","@id":"https:\/\/www.feinsinn-zahngesundheit.ch\/#website","url":"https:\/\/www.feinsinn-zahngesundheit.ch\/","name":"Feinsinn","description":"","publisher":{"@id":"https:\/\/www.feinsinn-zahngesundheit.ch\/#organization"},"potentialAction":[{"@type":"SearchAction","target":{"@type":"EntryPoint","urlTemplate":"https:\/\/www.feinsinn-zahngesundheit.ch\/?s={search_term_string}"},"query-input":{"@type":"PropertyValueSpecification","valueRequired":true,"valueName":"search_term_string"}}],"inLanguage":"de"},{"@type":"Organization","@id":"https:\/\/www.feinsinn-zahngesundheit.ch\/#organization","name":"Feinsinn","url":"https:\/\/www.feinsinn-zahngesundheit.ch\/","logo":{"@type":"ImageObject","inLanguage":"de","@id":"https:\/\/www.feinsinn-zahngesundheit.ch\/#\/schema\/logo\/image\/","url":"https:\/\/www.feinsinn-zahngesundheit.ch\/wp-content\/uploads\/2023\/06\/logo_feinsinn_rvb.png","contentUrl":"https:\/\/www.feinsinn-zahngesundheit.ch\/wp-content\/uploads\/2023\/06\/logo_feinsinn_rvb.png","width":1000,"height":335,"caption":"Feinsinn"},"image":{"@id":"https:\/\/www.feinsinn-zahngesundheit.ch\/#\/schema\/logo\/image\/"}}]}},"_links":{"self":[{"href":"https:\/\/www.feinsinn-zahngesundheit.ch\/de\/wp-json\/wp\/v2\/pages\/2542","targetHints":{"allow":["GET"]}}],"collection":[{"href":"https:\/\/www.feinsinn-zahngesundheit.ch\/de\/wp-json\/wp\/v2\/pages"}],"about":[{"href":"https:\/\/www.feinsinn-zahngesundheit.ch\/de\/wp-json\/wp\/v2\/types\/page"}],"author":[{"embeddable":true,"href":"https:\/\/www.feinsinn-zahngesundheit.ch\/de\/wp-json\/wp\/v2\/users\/1"}],"replies":[{"embeddable":true,"href":"https:\/\/www.feinsinn-zahngesundheit.ch\/de\/wp-json\/wp\/v2\/comments?post=2542"}],"version-history":[{"count":18,"href":"https:\/\/www.feinsinn-zahngesundheit.ch\/de\/wp-json\/wp\/v2\/pages\/2542\/revisions"}],"predecessor-version":[{"id":4301,"href":"https:\/\/www.feinsinn-zahngesundheit.ch\/de\/wp-json\/wp\/v2\/pages\/2542\/revisions\/4301"}],"up":[{"embeddable":true,"href":"https:\/\/www.feinsinn-zahngesundheit.ch\/de\/wp-json\/wp\/v2\/pages\/3454"}],"wp:featuredmedia":[{"embeddable":true,"href":"https:\/\/www.feinsinn-zahngesundheit.ch\/de\/wp-json\/wp\/v2\/media\/3427"}],"wp:attachment":[{"href":"https:\/\/www.feinsinn-zahngesundheit.ch\/de\/wp-json\/wp\/v2\/media?parent=2542"}],"curies":[{"name":"wp","href":"https:\/\/api.w.org\/{rel}","templated":true}]}}