{"id":2491,"date":"2023-06-19T11:38:42","date_gmt":"2023-06-19T09:38:42","guid":{"rendered":"https:\/\/feinsinn.ukoo.hosting\/?page_id=2491"},"modified":"2024-07-15T09:31:20","modified_gmt":"2024-07-15T07:31:20","slug":"a-prf","status":"publish","type":"page","link":"https:\/\/www.feinsinn-zahngesundheit.ch\/en\/dentisterie-biologique\/a-prf\/","title":{"rendered":"A-PRF"},"content":{"rendered":"<div data-elementor-type=\"wp-page\" data-elementor-id=\"2491\" class=\"elementor elementor-2491\" data-elementor-post-type=\"page\">\n\t\t\t\t\t\t<section class=\"elementor-section elementor-top-section elementor-element elementor-element-6403f917 elementor-section-height-min-height elementor-section-boxed elementor-section-height-default elementor-section-items-middle\" data-id=\"6403f917\" data-element_type=\"section\" data-e-type=\"section\" data-settings=\"{&quot;background_background&quot;:&quot;classic&quot;,&quot;jet_parallax_layout_list&quot;:[]}\">\n\t\t\t\t\t\t<div class=\"elementor-container elementor-column-gap-default\">\n\t\t\t\t\t<div class=\"elementor-column elementor-col-100 elementor-top-column elementor-element elementor-element-5f63e4cb\" data-id=\"5f63e4cb\" data-element_type=\"column\" data-e-type=\"column\">\n\t\t\t<div class=\"elementor-widget-wrap elementor-element-populated\">\n\t\t\t\t\t\t<div class=\"elementor-element elementor-element-1baf05a1 elementor-widget elementor-widget-breadcrumbs\" data-id=\"1baf05a1\" data-element_type=\"widget\" data-e-type=\"widget\" data-widget_type=\"breadcrumbs.default\">\n\t\t\t\t<div class=\"elementor-widget-container\">\n\t\t\t\t\t<p id=\"breadcrumbs\"><span><span><a href=\"https:\/\/www.feinsinn-zahngesundheit.ch\/en\/\">Home<\/a><\/span><\/span><\/p>\t\t\t\t<\/div>\n\t\t\t\t<\/div>\n\t\t\t\t\t<\/div>\n\t\t<\/div>\n\t\t\t\t\t<\/div>\n\t\t<\/section>\n\t\t\t\t<section class=\"elementor-section elementor-top-section elementor-element elementor-element-93e0a96 elementor-reverse-tablet elementor-reverse-mobile elementor-section-boxed elementor-section-height-default elementor-section-height-default\" data-id=\"93e0a96\" data-element_type=\"section\" data-e-type=\"section\" data-settings=\"{&quot;jet_parallax_layout_list&quot;:[]}\">\n\t\t\t\t\t\t<div class=\"elementor-container elementor-column-gap-default\">\n\t\t\t\t\t<div class=\"elementor-column elementor-col-50 elementor-top-column elementor-element elementor-element-0765fcd\" data-id=\"0765fcd\" data-element_type=\"column\" data-e-type=\"column\">\n\t\t\t<div class=\"elementor-widget-wrap elementor-element-populated\">\n\t\t\t\t\t\t<div class=\"elementor-element elementor-element-c34b4ca elementor-widget elementor-widget-image\" data-id=\"c34b4ca\" data-element_type=\"widget\" data-e-type=\"widget\" data-widget_type=\"image.default\">\n\t\t\t\t<div class=\"elementor-widget-container\">\n\t\t\t\t\t\t\t\t\t\t\t\t\t\t\t<img fetchpriority=\"high\" decoding=\"async\" width=\"640\" height=\"480\" src=\"https:\/\/www.feinsinn-zahngesundheit.ch\/wp-content\/uploads\/2023\/07\/PRF-2.jpg\" class=\"attachment-large size-large wp-image-3412\" alt=\"\" srcset=\"https:\/\/www.feinsinn-zahngesundheit.ch\/wp-content\/uploads\/2023\/07\/PRF-2.jpg 800w, https:\/\/www.feinsinn-zahngesundheit.ch\/wp-content\/uploads\/2023\/07\/PRF-2-300x225.jpg 300w, https:\/\/www.feinsinn-zahngesundheit.ch\/wp-content\/uploads\/2023\/07\/PRF-2-768x576.jpg 768w, https:\/\/www.feinsinn-zahngesundheit.ch\/wp-content\/uploads\/2023\/07\/PRF-2-16x12.jpg 16w\" sizes=\"(max-width: 640px) 100vw, 640px\" \/>\t\t\t\t\t\t\t\t\t\t\t\t\t\t\t<\/div>\n\t\t\t\t<\/div>\n\t\t\t\t\t<\/div>\n\t\t<\/div>\n\t\t\t\t<div class=\"elementor-column elementor-col-50 elementor-top-column elementor-element elementor-element-3d1e49f\" data-id=\"3d1e49f\" data-element_type=\"column\" data-e-type=\"column\">\n\t\t\t<div class=\"elementor-widget-wrap elementor-element-populated\">\n\t\t\t\t\t\t<div class=\"elementor-element elementor-element-260d25b elementor-widget elementor-widget-heading\" data-id=\"260d25b\" data-element_type=\"widget\" data-e-type=\"widget\" data-widget_type=\"heading.default\">\n\t\t\t\t<div class=\"elementor-widget-container\">\n\t\t\t\t\t<h2 class=\"elementor-heading-title elementor-size-xl\">Self-regeneration and healing of damaged tissue<\/h2>\t\t\t\t<\/div>\n\t\t\t\t<\/div>\n\t\t\t\t<div class=\"elementor-element elementor-element-c83cb1a elementor-widget-divider--view-line elementor-widget elementor-widget-divider\" data-id=\"c83cb1a\" data-element_type=\"widget\" data-e-type=\"widget\" data-widget_type=\"divider.default\">\n\t\t\t\t<div class=\"elementor-widget-container\">\n\t\t\t\t\t\t\t<div class=\"elementor-divider\">\n\t\t\t<span class=\"elementor-divider-separator\">\n\t\t\t\t\t\t<\/span>\n\t\t<\/div>\n\t\t\t\t\t\t<\/div>\n\t\t\t\t<\/div>\n\t\t\t\t<div class=\"elementor-element elementor-element-3e6c75a elementor-widget elementor-widget-text-editor\" data-id=\"3e6c75a\" data-element_type=\"widget\" data-e-type=\"widget\" data-widget_type=\"text-editor.default\">\n\t\t\t\t<div class=\"elementor-widget-container\">\n\t\t\t\t\t\t\t\t\t<p>To promote natural regeneration, we use platelet-rich fibrin (PRF) membranes.\u00a0<i>(platelet Rich Fibrin)<\/i><\/p><p>We take a small quantity of blood from the patient and centrifuge it.<br \/><br \/>This produces PRF membranes, which contain the information required for tissue neoformation.<br \/>PRF is of autologous origin, i.e. 100% biocompatible.<br \/><br \/>We use PRF in combination with ozone in all our surgical procedures (extractions, implants, Nico treatments, sinus lifts, bone reconstruction).<\/p>\t\t\t\t\t\t\t\t<\/div>\n\t\t\t\t<\/div>\n\t\t\t\t\t<\/div>\n\t\t<\/div>\n\t\t\t\t\t<\/div>\n\t\t<\/section>\n\t\t\t\t<\/div>","protected":false},"excerpt":{"rendered":"<p>Auto-r\u00e9g\u00e9n\u00e9ration et cicatrisation des tissus l\u00e9s\u00e9s Afin de favoriser la r\u00e9g\u00e9n\u00e9ration naturelle, nous utilisons les membranes de PRF\u00a0(platelet Rich Fibrin) Nous pr\u00e9levons, chez le patient, une petite quantit\u00e9 de sang que nous centrifugeons. Nous obtenons ainsi des membranes de PRF qui contiennent des informations n\u00e9cessaires \u00e0 la n\u00e9oformation des tissus.Le PRF est d\u2019origine autologue c\u2019est-\u00e0-dire <\/p>","protected":false},"author":1,"featured_media":3125,"parent":2933,"menu_order":0,"comment_status":"closed","ping_status":"closed","template":"elementor_header_footer","meta":{"footnotes":""},"class_list":["post-2491","page","type-page","status-publish","has-post-thumbnail","hentry"],"acf":[],"yoast_head":"<!-- This site is optimized with the Yoast SEO plugin v27.3 - https:\/\/yoast.com\/product\/yoast-seo-wordpress\/ -->\n<title>Proc\u00e9d\u00e9 de cicatrilisation A-PRF - Feinsinn<\/title>\n<meta name=\"description\" content=\"Lors de la cicatrisation de nos patients, nos docteurs chirurgiens vont les aider lors de ce processus gr\u00e2ce \u00e0 un proc\u00e9d\u00e9 enti\u00e8rement biocompatible, le PRF.\" \/>\n<meta name=\"robots\" content=\"index, follow, max-snippet:-1, max-image-preview:large, max-video-preview:-1\" \/>\n<link rel=\"canonical\" href=\"https:\/\/www.feinsinn-zahngesundheit.ch\/en\/integrative-holistic-dental-medicine\/a-prf\/\" \/>\n<meta property=\"og:locale\" content=\"en_GB\" \/>\n<meta property=\"og:type\" content=\"article\" \/>\n<meta property=\"og:title\" content=\"Proc\u00e9d\u00e9 de cicatrilisation A-PRF - Feinsinn\" \/>\n<meta property=\"og:description\" content=\"Lors de la cicatrisation de nos patients, nos docteurs chirurgiens vont les aider lors de ce processus gr\u00e2ce \u00e0 un proc\u00e9d\u00e9 enti\u00e8rement biocompatible, le PRF.\" \/>\n<meta property=\"og:url\" content=\"https:\/\/www.feinsinn-zahngesundheit.ch\/en\/integrative-holistic-dental-medicine\/a-prf\/\" \/>\n<meta property=\"og:site_name\" content=\"Feinsinn\" \/>\n<meta property=\"article:modified_time\" content=\"2024-07-15T07:31:20+00:00\" \/>\n<meta property=\"og:image\" content=\"https:\/\/www.feinsinn-zahngesundheit.ch\/wp-content\/uploads\/2023\/06\/bandeau-sante.jpg\" \/>\n\t<meta property=\"og:image:width\" content=\"1920\" \/>\n\t<meta property=\"og:image:height\" content=\"300\" \/>\n\t<meta property=\"og:image:type\" content=\"image\/jpeg\" \/>\n<meta name=\"twitter:card\" content=\"summary_large_image\" \/>\n<meta name=\"twitter:label1\" content=\"Estimated reading time\" \/>\n\t<meta name=\"twitter:data1\" content=\"1 minute\" \/>\n<script type=\"application\/ld+json\" class=\"yoast-schema-graph\">{\"@context\":\"https:\\\/\\\/schema.org\",\"@graph\":[{\"@type\":\"WebPage\",\"@id\":\"https:\\\/\\\/www.feinsinn-zahngesundheit.ch\\\/dentisterie-biologique\\\/a-prf\\\/\",\"url\":\"https:\\\/\\\/www.feinsinn-zahngesundheit.ch\\\/dentisterie-biologique\\\/a-prf\\\/\",\"name\":\"Proc\u00e9d\u00e9 de cicatrilisation A-PRF - Feinsinn\",\"isPartOf\":{\"@id\":\"https:\\\/\\\/www.feinsinn-zahngesundheit.ch\\\/#website\"},\"primaryImageOfPage\":{\"@id\":\"https:\\\/\\\/www.feinsinn-zahngesundheit.ch\\\/dentisterie-biologique\\\/a-prf\\\/#primaryimage\"},\"image\":{\"@id\":\"https:\\\/\\\/www.feinsinn-zahngesundheit.ch\\\/dentisterie-biologique\\\/a-prf\\\/#primaryimage\"},\"thumbnailUrl\":\"https:\\\/\\\/www.feinsinn-zahngesundheit.ch\\\/wp-content\\\/uploads\\\/2023\\\/06\\\/bandeau-sante.jpg\",\"datePublished\":\"2023-06-19T09:38:42+00:00\",\"dateModified\":\"2024-07-15T07:31:20+00:00\",\"description\":\"Lors de la cicatrisation de nos patients, nos docteurs chirurgiens vont les aider lors de ce processus gr\u00e2ce \u00e0 un proc\u00e9d\u00e9 enti\u00e8rement biocompatible, le PRF.\",\"breadcrumb\":{\"@id\":\"https:\\\/\\\/www.feinsinn-zahngesundheit.ch\\\/dentisterie-biologique\\\/a-prf\\\/#breadcrumb\"},\"inLanguage\":\"en-GB\",\"potentialAction\":[{\"@type\":\"ReadAction\",\"target\":[\"https:\\\/\\\/www.feinsinn-zahngesundheit.ch\\\/dentisterie-biologique\\\/a-prf\\\/\"]}]},{\"@type\":\"ImageObject\",\"inLanguage\":\"en-GB\",\"@id\":\"https:\\\/\\\/www.feinsinn-zahngesundheit.ch\\\/dentisterie-biologique\\\/a-prf\\\/#primaryimage\",\"url\":\"https:\\\/\\\/www.feinsinn-zahngesundheit.ch\\\/wp-content\\\/uploads\\\/2023\\\/06\\\/bandeau-sante.jpg\",\"contentUrl\":\"https:\\\/\\\/www.feinsinn-zahngesundheit.ch\\\/wp-content\\\/uploads\\\/2023\\\/06\\\/bandeau-sante.jpg\",\"width\":1920,\"height\":300},{\"@type\":\"BreadcrumbList\",\"@id\":\"https:\\\/\\\/www.feinsinn-zahngesundheit.ch\\\/dentisterie-biologique\\\/a-prf\\\/#breadcrumb\",\"itemListElement\":[{\"@type\":\"ListItem\",\"position\":1,\"name\":\"Home\",\"item\":\"https:\\\/\\\/www.feinsinn-zahngesundheit.ch\\\/\"},{\"@type\":\"ListItem\",\"position\":2,\"name\":\"Medecine dentaire biologique int\u00e9grative\",\"item\":\"https:\\\/\\\/www.feinsinn-zahngesundheit.ch\\\/dentisterie-biologique\\\/\"},{\"@type\":\"ListItem\",\"position\":3,\"name\":\"Les PRF\"}]},{\"@type\":\"WebSite\",\"@id\":\"https:\\\/\\\/www.feinsinn-zahngesundheit.ch\\\/#website\",\"url\":\"https:\\\/\\\/www.feinsinn-zahngesundheit.ch\\\/\",\"name\":\"Feinsinn\",\"description\":\"\",\"publisher\":{\"@id\":\"https:\\\/\\\/www.feinsinn-zahngesundheit.ch\\\/#organization\"},\"potentialAction\":[{\"@type\":\"SearchAction\",\"target\":{\"@type\":\"EntryPoint\",\"urlTemplate\":\"https:\\\/\\\/www.feinsinn-zahngesundheit.ch\\\/?s={search_term_string}\"},\"query-input\":{\"@type\":\"PropertyValueSpecification\",\"valueRequired\":true,\"valueName\":\"search_term_string\"}}],\"inLanguage\":\"en-GB\"},{\"@type\":\"Organization\",\"@id\":\"https:\\\/\\\/www.feinsinn-zahngesundheit.ch\\\/#organization\",\"name\":\"Feinsinn\",\"url\":\"https:\\\/\\\/www.feinsinn-zahngesundheit.ch\\\/\",\"logo\":{\"@type\":\"ImageObject\",\"inLanguage\":\"en-GB\",\"@id\":\"https:\\\/\\\/www.feinsinn-zahngesundheit.ch\\\/#\\\/schema\\\/logo\\\/image\\\/\",\"url\":\"https:\\\/\\\/www.feinsinn-zahngesundheit.ch\\\/wp-content\\\/uploads\\\/2023\\\/06\\\/logo_feinsinn_rvb.png\",\"contentUrl\":\"https:\\\/\\\/www.feinsinn-zahngesundheit.ch\\\/wp-content\\\/uploads\\\/2023\\\/06\\\/logo_feinsinn_rvb.png\",\"width\":1000,\"height\":335,\"caption\":\"Feinsinn\"},\"image\":{\"@id\":\"https:\\\/\\\/www.feinsinn-zahngesundheit.ch\\\/#\\\/schema\\\/logo\\\/image\\\/\"}}]}<\/script>\n<!-- \/ Yoast SEO plugin. -->","yoast_head_json":{"title":"Proc\u00e9d\u00e9 de cicatrilisation A-PRF - Feinsinn","description":"Lors de la cicatrisation de nos patients, nos docteurs chirurgiens vont les aider lors de ce processus gr\u00e2ce \u00e0 un proc\u00e9d\u00e9 enti\u00e8rement biocompatible, le PRF.","robots":{"index":"index","follow":"follow","max-snippet":"max-snippet:-1","max-image-preview":"max-image-preview:large","max-video-preview":"max-video-preview:-1"},"canonical":"https:\/\/www.feinsinn-zahngesundheit.ch\/en\/integrative-holistic-dental-medicine\/a-prf\/","og_locale":"en_GB","og_type":"article","og_title":"Proc\u00e9d\u00e9 de cicatrilisation A-PRF - Feinsinn","og_description":"Lors de la cicatrisation de nos patients, nos docteurs chirurgiens vont les aider lors de ce processus gr\u00e2ce \u00e0 un proc\u00e9d\u00e9 enti\u00e8rement biocompatible, le PRF.","og_url":"https:\/\/www.feinsinn-zahngesundheit.ch\/en\/integrative-holistic-dental-medicine\/a-prf\/","og_site_name":"Feinsinn","article_modified_time":"2024-07-15T07:31:20+00:00","og_image":[{"width":1920,"height":300,"url":"https:\/\/www.feinsinn-zahngesundheit.ch\/wp-content\/uploads\/2023\/06\/bandeau-sante.jpg","type":"image\/jpeg"}],"twitter_card":"summary_large_image","twitter_misc":{"Estimated reading time":"1 minute"},"schema":{"@context":"https:\/\/schema.org","@graph":[{"@type":"WebPage","@id":"https:\/\/www.feinsinn-zahngesundheit.ch\/dentisterie-biologique\/a-prf\/","url":"https:\/\/www.feinsinn-zahngesundheit.ch\/dentisterie-biologique\/a-prf\/","name":"Proc\u00e9d\u00e9 de cicatrilisation A-PRF - Feinsinn","isPartOf":{"@id":"https:\/\/www.feinsinn-zahngesundheit.ch\/#website"},"primaryImageOfPage":{"@id":"https:\/\/www.feinsinn-zahngesundheit.ch\/dentisterie-biologique\/a-prf\/#primaryimage"},"image":{"@id":"https:\/\/www.feinsinn-zahngesundheit.ch\/dentisterie-biologique\/a-prf\/#primaryimage"},"thumbnailUrl":"https:\/\/www.feinsinn-zahngesundheit.ch\/wp-content\/uploads\/2023\/06\/bandeau-sante.jpg","datePublished":"2023-06-19T09:38:42+00:00","dateModified":"2024-07-15T07:31:20+00:00","description":"Lors de la cicatrisation de nos patients, nos docteurs chirurgiens vont les aider lors de ce processus gr\u00e2ce \u00e0 un proc\u00e9d\u00e9 enti\u00e8rement biocompatible, le PRF.","breadcrumb":{"@id":"https:\/\/www.feinsinn-zahngesundheit.ch\/dentisterie-biologique\/a-prf\/#breadcrumb"},"inLanguage":"en-GB","potentialAction":[{"@type":"ReadAction","target":["https:\/\/www.feinsinn-zahngesundheit.ch\/dentisterie-biologique\/a-prf\/"]}]},{"@type":"ImageObject","inLanguage":"en-GB","@id":"https:\/\/www.feinsinn-zahngesundheit.ch\/dentisterie-biologique\/a-prf\/#primaryimage","url":"https:\/\/www.feinsinn-zahngesundheit.ch\/wp-content\/uploads\/2023\/06\/bandeau-sante.jpg","contentUrl":"https:\/\/www.feinsinn-zahngesundheit.ch\/wp-content\/uploads\/2023\/06\/bandeau-sante.jpg","width":1920,"height":300},{"@type":"BreadcrumbList","@id":"https:\/\/www.feinsinn-zahngesundheit.ch\/dentisterie-biologique\/a-prf\/#breadcrumb","itemListElement":[{"@type":"ListItem","position":1,"name":"Home","item":"https:\/\/www.feinsinn-zahngesundheit.ch\/"},{"@type":"ListItem","position":2,"name":"Medecine dentaire biologique int\u00e9grative","item":"https:\/\/www.feinsinn-zahngesundheit.ch\/dentisterie-biologique\/"},{"@type":"ListItem","position":3,"name":"Les PRF"}]},{"@type":"WebSite","@id":"https:\/\/www.feinsinn-zahngesundheit.ch\/#website","url":"https:\/\/www.feinsinn-zahngesundheit.ch\/","name":"Feinsinn","description":"","publisher":{"@id":"https:\/\/www.feinsinn-zahngesundheit.ch\/#organization"},"potentialAction":[{"@type":"SearchAction","target":{"@type":"EntryPoint","urlTemplate":"https:\/\/www.feinsinn-zahngesundheit.ch\/?s={search_term_string}"},"query-input":{"@type":"PropertyValueSpecification","valueRequired":true,"valueName":"search_term_string"}}],"inLanguage":"en-GB"},{"@type":"Organization","@id":"https:\/\/www.feinsinn-zahngesundheit.ch\/#organization","name":"Feinsinn","url":"https:\/\/www.feinsinn-zahngesundheit.ch\/","logo":{"@type":"ImageObject","inLanguage":"en-GB","@id":"https:\/\/www.feinsinn-zahngesundheit.ch\/#\/schema\/logo\/image\/","url":"https:\/\/www.feinsinn-zahngesundheit.ch\/wp-content\/uploads\/2023\/06\/logo_feinsinn_rvb.png","contentUrl":"https:\/\/www.feinsinn-zahngesundheit.ch\/wp-content\/uploads\/2023\/06\/logo_feinsinn_rvb.png","width":1000,"height":335,"caption":"Feinsinn"},"image":{"@id":"https:\/\/www.feinsinn-zahngesundheit.ch\/#\/schema\/logo\/image\/"}}]}},"_links":{"self":[{"href":"https:\/\/www.feinsinn-zahngesundheit.ch\/en\/wp-json\/wp\/v2\/pages\/2491","targetHints":{"allow":["GET"]}}],"collection":[{"href":"https:\/\/www.feinsinn-zahngesundheit.ch\/en\/wp-json\/wp\/v2\/pages"}],"about":[{"href":"https:\/\/www.feinsinn-zahngesundheit.ch\/en\/wp-json\/wp\/v2\/types\/page"}],"author":[{"embeddable":true,"href":"https:\/\/www.feinsinn-zahngesundheit.ch\/en\/wp-json\/wp\/v2\/users\/1"}],"replies":[{"embeddable":true,"href":"https:\/\/www.feinsinn-zahngesundheit.ch\/en\/wp-json\/wp\/v2\/comments?post=2491"}],"version-history":[{"count":20,"href":"https:\/\/www.feinsinn-zahngesundheit.ch\/en\/wp-json\/wp\/v2\/pages\/2491\/revisions"}],"predecessor-version":[{"id":4340,"href":"https:\/\/www.feinsinn-zahngesundheit.ch\/en\/wp-json\/wp\/v2\/pages\/2491\/revisions\/4340"}],"up":[{"embeddable":true,"href":"https:\/\/www.feinsinn-zahngesundheit.ch\/en\/wp-json\/wp\/v2\/pages\/2933"}],"wp:featuredmedia":[{"embeddable":true,"href":"https:\/\/www.feinsinn-zahngesundheit.ch\/en\/wp-json\/wp\/v2\/media\/3125"}],"wp:attachment":[{"href":"https:\/\/www.feinsinn-zahngesundheit.ch\/en\/wp-json\/wp\/v2\/media?parent=2491"}],"curies":[{"name":"wp","href":"https:\/\/api.w.org\/{rel}","templated":true}]}}