{"id":4163,"date":"2023-11-07T11:59:33","date_gmt":"2023-11-07T10:59:33","guid":{"rendered":"https:\/\/www.feinsinn-zahngesundheit.ch\/?page_id=4163"},"modified":"2023-11-22T13:04:02","modified_gmt":"2023-11-22T12:04:02","slug":"traiter-les-maladies-parodontales-def","status":"publish","type":"page","link":"https:\/\/www.feinsinn-zahngesundheit.ch\/fr\/dentisterie-biologique\/traiter-les-maladies-parodontales-def\/","title":{"rendered":"Traiter les maladies parodontales"},"content":{"rendered":"\t\t<div data-elementor-type=\"wp-page\" data-elementor-id=\"4163\" class=\"elementor elementor-4163\" data-elementor-post-type=\"page\">\n\t\t\t\t\t\t<section class=\"elementor-section elementor-top-section elementor-element elementor-element-7dd31ac7 elementor-section-height-min-height elementor-section-boxed elementor-section-height-default elementor-section-items-middle\" data-id=\"7dd31ac7\" data-element_type=\"section\" data-e-type=\"section\" data-settings=\"{&quot;background_background&quot;:&quot;classic&quot;,&quot;jet_parallax_layout_list&quot;:[]}\">\n\t\t\t\t\t\t<div class=\"elementor-container elementor-column-gap-default\">\n\t\t\t\t\t<div class=\"elementor-column elementor-col-100 elementor-top-column elementor-element elementor-element-71ebc693\" data-id=\"71ebc693\" data-element_type=\"column\" data-e-type=\"column\">\n\t\t\t<div class=\"elementor-widget-wrap elementor-element-populated\">\n\t\t\t\t\t\t<div class=\"elementor-element elementor-element-577e508f elementor-widget elementor-widget-breadcrumbs\" data-id=\"577e508f\" data-element_type=\"widget\" data-e-type=\"widget\" data-widget_type=\"breadcrumbs.default\">\n\t\t\t\t<div class=\"elementor-widget-container\">\n\t\t\t\t\t<p id=\"breadcrumbs\"><span><span><a href=\"https:\/\/www.feinsinn-zahngesundheit.ch\/\">Home<\/a><\/span><\/span><\/p>\t\t\t\t<\/div>\n\t\t\t\t<\/div>\n\t\t\t\t\t<\/div>\n\t\t<\/div>\n\t\t\t\t\t<\/div>\n\t\t<\/section>\n\t\t\t\t<section class=\"elementor-section elementor-top-section elementor-element elementor-element-dedc186 elementor-reverse-tablet elementor-reverse-mobile elementor-section-boxed elementor-section-height-default elementor-section-height-default\" data-id=\"dedc186\" data-element_type=\"section\" data-e-type=\"section\" data-settings=\"{&quot;jet_parallax_layout_list&quot;:[]}\">\n\t\t\t\t\t\t<div class=\"elementor-container elementor-column-gap-default\">\n\t\t\t\t\t<div class=\"elementor-column elementor-col-50 elementor-top-column elementor-element elementor-element-d3859ad\" data-id=\"d3859ad\" data-element_type=\"column\" data-e-type=\"column\">\n\t\t\t<div class=\"elementor-widget-wrap elementor-element-populated\">\n\t\t\t\t\t\t<div class=\"elementor-element elementor-element-3cf2446 elementor-widget elementor-widget-image\" data-id=\"3cf2446\" data-element_type=\"widget\" data-e-type=\"widget\" data-widget_type=\"image.default\">\n\t\t\t\t<div class=\"elementor-widget-container\">\n\t\t\t\t\t\t\t\t\t\t\t\t\t\t\t<img fetchpriority=\"high\" decoding=\"async\" width=\"640\" height=\"400\" src=\"https:\/\/www.feinsinn-zahngesundheit.ch\/wp-content\/uploads\/2023\/07\/maladieparodontale.jpg\" class=\"attachment-large size-large wp-image-3613\" alt=\"\" srcset=\"https:\/\/www.feinsinn-zahngesundheit.ch\/wp-content\/uploads\/2023\/07\/maladieparodontale.jpg 900w, https:\/\/www.feinsinn-zahngesundheit.ch\/wp-content\/uploads\/2023\/07\/maladieparodontale-300x187.jpg 300w, https:\/\/www.feinsinn-zahngesundheit.ch\/wp-content\/uploads\/2023\/07\/maladieparodontale-768x480.jpg 768w, https:\/\/www.feinsinn-zahngesundheit.ch\/wp-content\/uploads\/2023\/07\/maladieparodontale-18x12.jpg 18w\" sizes=\"(max-width: 640px) 100vw, 640px\" \/>\t\t\t\t\t\t\t\t\t\t\t\t\t\t\t<\/div>\n\t\t\t\t<\/div>\n\t\t\t\t\t<\/div>\n\t\t<\/div>\n\t\t\t\t<div class=\"elementor-column elementor-col-50 elementor-top-column elementor-element elementor-element-6d5fdb0\" data-id=\"6d5fdb0\" data-element_type=\"column\" data-e-type=\"column\">\n\t\t\t<div class=\"elementor-widget-wrap elementor-element-populated\">\n\t\t\t\t\t\t<div class=\"elementor-element elementor-element-4630542 elementor-widget elementor-widget-heading\" data-id=\"4630542\" data-element_type=\"widget\" data-e-type=\"widget\" data-widget_type=\"heading.default\">\n\t\t\t\t<div class=\"elementor-widget-container\">\n\t\t\t\t\t<h2 class=\"elementor-heading-title elementor-size-xl\">Les maladies parodontales<\/h2>\t\t\t\t<\/div>\n\t\t\t\t<\/div>\n\t\t\t\t<div class=\"elementor-element elementor-element-4ba822c elementor-widget-divider--view-line elementor-widget elementor-widget-divider\" data-id=\"4ba822c\" data-element_type=\"widget\" data-e-type=\"widget\" data-widget_type=\"divider.default\">\n\t\t\t\t<div class=\"elementor-widget-container\">\n\t\t\t\t\t\t\t<div class=\"elementor-divider\">\n\t\t\t<span class=\"elementor-divider-separator\">\n\t\t\t\t\t\t<\/span>\n\t\t<\/div>\n\t\t\t\t\t\t<\/div>\n\t\t\t\t<\/div>\n\t\t\t\t<div class=\"elementor-element elementor-element-d1ede3b elementor-widget elementor-widget-text-editor\" data-id=\"d1ede3b\" data-element_type=\"widget\" data-e-type=\"widget\" data-widget_type=\"text-editor.default\">\n\t\t\t\t<div class=\"elementor-widget-container\">\n\t\t\t\t\t\t\t\t\t<p style=\"font-family: var(--headingFontfamily); font-weight: 500; font-size: 1.5rem; margin-top: 0; margin-bottom: 0.5rem; line-height: 1.2;\">Les traitements consistent \u00e0 retrouver un microbiome buccal compatible avec une bonne sant\u00e9 du parodonte.<\/p><p>Si le syst\u00e8me digestif est atteint il est fortement recommand\u00e9 de r\u00e9aliser un Bilan en\u00a0<a href=\"\/notre-philosophie\/\">m\u00e9decine int\u00e9grative\u00a0<\/a>.<\/p><p>Le traitement buccal est personnalis\u00e9 en fonction du niveau d\u2019atteinte et consiste \u00e0 mettre en place des techniques de brossage adapt\u00e9es, \u00e0 r\u00e9aliser un traitement non chirurgical \u00e0 base d\u2019ultrasonique et\/ou de laser. Dans des cas d\u2019atteintes s\u00e9v\u00e8res, des chirurgies peuvent \u00eatre indiqu\u00e9es.<\/p><p>Apr\u00e8s le traitement, une maintenance prophylactique r\u00e9guli\u00e8re est essentielle pour conserver le r\u00e9sultat obtenu.<\/p><p>Le rythme de la maintenance parodontale d\u00e9pend des facteurs des risques<\/p>\t\t\t\t\t\t\t\t<\/div>\n\t\t\t\t<\/div>\n\t\t\t\t\t<\/div>\n\t\t<\/div>\n\t\t\t\t\t<\/div>\n\t\t<\/section>\n\t\t\t\t<\/div>\n\t\t","protected":false},"excerpt":{"rendered":"<p>Les maladies parodontales Les traitements consistent \u00e0 retrouver un microbiome buccal compatible avec une bonne sant\u00e9 du parodonte. Si le syst\u00e8me digestif est atteint il est fortement recommand\u00e9 de r\u00e9aliser un Bilan en\u00a0m\u00e9decine int\u00e9grative\u00a0. Le traitement buccal est personnalis\u00e9 en fonction du niveau d\u2019atteinte et consiste \u00e0 mettre en place des techniques de brossage adapt\u00e9es, <\/p>\n","protected":false},"author":1,"featured_media":3427,"parent":2933,"menu_order":0,"comment_status":"closed","ping_status":"closed","template":"elementor_header_footer","meta":{"footnotes":""},"class_list":["post-4163","page","type-page","status-publish","has-post-thumbnail","hentry"],"acf":[],"yoast_head":"<!-- This site is optimized with the Yoast SEO plugin v27.3 - https:\/\/yoast.com\/product\/yoast-seo-wordpress\/ -->\n<title>Traiter les maladies parodontales - Feinsinn<\/title>\n<meta name=\"description\" content=\"Les maladies parodontales sont un fl\u00e9au qui touche beaucoup de personnes. Elles sont bien souvent la cause de pertes de dents, d\u00e9couvrez ce qu&#039;elles sont.\" \/>\n<meta name=\"robots\" content=\"index, follow, max-snippet:-1, max-image-preview:large, max-video-preview:-1\" \/>\n<link rel=\"canonical\" href=\"https:\/\/www.feinsinn-zahngesundheit.ch\/fr\/dentisterie-biologique\/traiter-les-maladies-parodontales-def\/\" \/>\n<meta property=\"og:locale\" content=\"fr_FR\" \/>\n<meta property=\"og:type\" content=\"article\" \/>\n<meta property=\"og:title\" content=\"Traiter les maladies parodontales - Feinsinn\" \/>\n<meta property=\"og:description\" content=\"Les maladies parodontales sont un fl\u00e9au qui touche beaucoup de personnes. Elles sont bien souvent la cause de pertes de dents, d\u00e9couvrez ce qu&#039;elles sont.\" \/>\n<meta property=\"og:url\" content=\"https:\/\/www.feinsinn-zahngesundheit.ch\/fr\/dentisterie-biologique\/traiter-les-maladies-parodontales-def\/\" \/>\n<meta property=\"og:site_name\" content=\"Feinsinn\" \/>\n<meta property=\"article:modified_time\" content=\"2023-11-22T12:04:02+00:00\" \/>\n<meta property=\"og:image\" content=\"https:\/\/www.feinsinn-zahngesundheit.ch\/wp-content\/uploads\/2023\/07\/bandeau-traitements.jpg\" \/>\n\t<meta property=\"og:image:width\" content=\"1920\" \/>\n\t<meta property=\"og:image:height\" content=\"300\" \/>\n\t<meta property=\"og:image:type\" content=\"image\/jpeg\" \/>\n<meta name=\"twitter:card\" content=\"summary_large_image\" \/>\n<meta name=\"twitter:label1\" content=\"Dur\u00e9e de lecture estim\u00e9e\" \/>\n\t<meta name=\"twitter:data1\" content=\"1 minute\" \/>\n<script type=\"application\/ld+json\" class=\"yoast-schema-graph\">{\"@context\":\"https:\\\/\\\/schema.org\",\"@graph\":[{\"@type\":\"WebPage\",\"@id\":\"https:\\\/\\\/www.feinsinn-zahngesundheit.ch\\\/dentisterie-biologique\\\/traiter-les-maladies-parodontales-def\\\/\",\"url\":\"https:\\\/\\\/www.feinsinn-zahngesundheit.ch\\\/dentisterie-biologique\\\/traiter-les-maladies-parodontales-def\\\/\",\"name\":\"Traiter les maladies parodontales - Feinsinn\",\"isPartOf\":{\"@id\":\"https:\\\/\\\/www.feinsinn-zahngesundheit.ch\\\/#website\"},\"primaryImageOfPage\":{\"@id\":\"https:\\\/\\\/www.feinsinn-zahngesundheit.ch\\\/dentisterie-biologique\\\/traiter-les-maladies-parodontales-def\\\/#primaryimage\"},\"image\":{\"@id\":\"https:\\\/\\\/www.feinsinn-zahngesundheit.ch\\\/dentisterie-biologique\\\/traiter-les-maladies-parodontales-def\\\/#primaryimage\"},\"thumbnailUrl\":\"https:\\\/\\\/www.feinsinn-zahngesundheit.ch\\\/wp-content\\\/uploads\\\/2023\\\/07\\\/bandeau-traitements.jpg\",\"datePublished\":\"2023-11-07T10:59:33+00:00\",\"dateModified\":\"2023-11-22T12:04:02+00:00\",\"description\":\"Les maladies parodontales sont un fl\u00e9au qui touche beaucoup de personnes. Elles sont bien souvent la cause de pertes de dents, d\u00e9couvrez ce qu'elles sont.\",\"breadcrumb\":{\"@id\":\"https:\\\/\\\/www.feinsinn-zahngesundheit.ch\\\/dentisterie-biologique\\\/traiter-les-maladies-parodontales-def\\\/#breadcrumb\"},\"inLanguage\":\"fr-FR\",\"potentialAction\":[{\"@type\":\"ReadAction\",\"target\":[\"https:\\\/\\\/www.feinsinn-zahngesundheit.ch\\\/dentisterie-biologique\\\/traiter-les-maladies-parodontales-def\\\/\"]}]},{\"@type\":\"ImageObject\",\"inLanguage\":\"fr-FR\",\"@id\":\"https:\\\/\\\/www.feinsinn-zahngesundheit.ch\\\/dentisterie-biologique\\\/traiter-les-maladies-parodontales-def\\\/#primaryimage\",\"url\":\"https:\\\/\\\/www.feinsinn-zahngesundheit.ch\\\/wp-content\\\/uploads\\\/2023\\\/07\\\/bandeau-traitements.jpg\",\"contentUrl\":\"https:\\\/\\\/www.feinsinn-zahngesundheit.ch\\\/wp-content\\\/uploads\\\/2023\\\/07\\\/bandeau-traitements.jpg\",\"width\":1920,\"height\":300},{\"@type\":\"BreadcrumbList\",\"@id\":\"https:\\\/\\\/www.feinsinn-zahngesundheit.ch\\\/dentisterie-biologique\\\/traiter-les-maladies-parodontales-def\\\/#breadcrumb\",\"itemListElement\":[{\"@type\":\"ListItem\",\"position\":1,\"name\":\"Home\",\"item\":\"https:\\\/\\\/www.feinsinn-zahngesundheit.ch\\\/\"},{\"@type\":\"ListItem\",\"position\":2,\"name\":\"Medecine dentaire biologique int\u00e9grative\",\"item\":\"https:\\\/\\\/www.feinsinn-zahngesundheit.ch\\\/dentisterie-biologique\\\/\"},{\"@type\":\"ListItem\",\"position\":3,\"name\":\"Traiter les maladies parodontales\"}]},{\"@type\":\"WebSite\",\"@id\":\"https:\\\/\\\/www.feinsinn-zahngesundheit.ch\\\/#website\",\"url\":\"https:\\\/\\\/www.feinsinn-zahngesundheit.ch\\\/\",\"name\":\"Feinsinn\",\"description\":\"\",\"publisher\":{\"@id\":\"https:\\\/\\\/www.feinsinn-zahngesundheit.ch\\\/#organization\"},\"potentialAction\":[{\"@type\":\"SearchAction\",\"target\":{\"@type\":\"EntryPoint\",\"urlTemplate\":\"https:\\\/\\\/www.feinsinn-zahngesundheit.ch\\\/?s={search_term_string}\"},\"query-input\":{\"@type\":\"PropertyValueSpecification\",\"valueRequired\":true,\"valueName\":\"search_term_string\"}}],\"inLanguage\":\"fr-FR\"},{\"@type\":\"Organization\",\"@id\":\"https:\\\/\\\/www.feinsinn-zahngesundheit.ch\\\/#organization\",\"name\":\"Feinsinn\",\"url\":\"https:\\\/\\\/www.feinsinn-zahngesundheit.ch\\\/\",\"logo\":{\"@type\":\"ImageObject\",\"inLanguage\":\"fr-FR\",\"@id\":\"https:\\\/\\\/www.feinsinn-zahngesundheit.ch\\\/#\\\/schema\\\/logo\\\/image\\\/\",\"url\":\"https:\\\/\\\/www.feinsinn-zahngesundheit.ch\\\/wp-content\\\/uploads\\\/2023\\\/06\\\/logo_feinsinn_rvb.png\",\"contentUrl\":\"https:\\\/\\\/www.feinsinn-zahngesundheit.ch\\\/wp-content\\\/uploads\\\/2023\\\/06\\\/logo_feinsinn_rvb.png\",\"width\":1000,\"height\":335,\"caption\":\"Feinsinn\"},\"image\":{\"@id\":\"https:\\\/\\\/www.feinsinn-zahngesundheit.ch\\\/#\\\/schema\\\/logo\\\/image\\\/\"}}]}<\/script>\n<!-- \/ Yoast SEO plugin. -->","yoast_head_json":{"title":"Traiter les maladies parodontales - Feinsinn","description":"Les maladies parodontales sont un fl\u00e9au qui touche beaucoup de personnes. Elles sont bien souvent la cause de pertes de dents, d\u00e9couvrez ce qu'elles sont.","robots":{"index":"index","follow":"follow","max-snippet":"max-snippet:-1","max-image-preview":"max-image-preview:large","max-video-preview":"max-video-preview:-1"},"canonical":"https:\/\/www.feinsinn-zahngesundheit.ch\/fr\/dentisterie-biologique\/traiter-les-maladies-parodontales-def\/","og_locale":"fr_FR","og_type":"article","og_title":"Traiter les maladies parodontales - Feinsinn","og_description":"Les maladies parodontales sont un fl\u00e9au qui touche beaucoup de personnes. Elles sont bien souvent la cause de pertes de dents, d\u00e9couvrez ce qu'elles sont.","og_url":"https:\/\/www.feinsinn-zahngesundheit.ch\/fr\/dentisterie-biologique\/traiter-les-maladies-parodontales-def\/","og_site_name":"Feinsinn","article_modified_time":"2023-11-22T12:04:02+00:00","og_image":[{"width":1920,"height":300,"url":"https:\/\/www.feinsinn-zahngesundheit.ch\/wp-content\/uploads\/2023\/07\/bandeau-traitements.jpg","type":"image\/jpeg"}],"twitter_card":"summary_large_image","twitter_misc":{"Dur\u00e9e de lecture estim\u00e9e":"1 minute"},"schema":{"@context":"https:\/\/schema.org","@graph":[{"@type":"WebPage","@id":"https:\/\/www.feinsinn-zahngesundheit.ch\/dentisterie-biologique\/traiter-les-maladies-parodontales-def\/","url":"https:\/\/www.feinsinn-zahngesundheit.ch\/dentisterie-biologique\/traiter-les-maladies-parodontales-def\/","name":"Traiter les maladies parodontales - Feinsinn","isPartOf":{"@id":"https:\/\/www.feinsinn-zahngesundheit.ch\/#website"},"primaryImageOfPage":{"@id":"https:\/\/www.feinsinn-zahngesundheit.ch\/dentisterie-biologique\/traiter-les-maladies-parodontales-def\/#primaryimage"},"image":{"@id":"https:\/\/www.feinsinn-zahngesundheit.ch\/dentisterie-biologique\/traiter-les-maladies-parodontales-def\/#primaryimage"},"thumbnailUrl":"https:\/\/www.feinsinn-zahngesundheit.ch\/wp-content\/uploads\/2023\/07\/bandeau-traitements.jpg","datePublished":"2023-11-07T10:59:33+00:00","dateModified":"2023-11-22T12:04:02+00:00","description":"Les maladies parodontales sont un fl\u00e9au qui touche beaucoup de personnes. Elles sont bien souvent la cause de pertes de dents, d\u00e9couvrez ce qu'elles sont.","breadcrumb":{"@id":"https:\/\/www.feinsinn-zahngesundheit.ch\/dentisterie-biologique\/traiter-les-maladies-parodontales-def\/#breadcrumb"},"inLanguage":"fr-FR","potentialAction":[{"@type":"ReadAction","target":["https:\/\/www.feinsinn-zahngesundheit.ch\/dentisterie-biologique\/traiter-les-maladies-parodontales-def\/"]}]},{"@type":"ImageObject","inLanguage":"fr-FR","@id":"https:\/\/www.feinsinn-zahngesundheit.ch\/dentisterie-biologique\/traiter-les-maladies-parodontales-def\/#primaryimage","url":"https:\/\/www.feinsinn-zahngesundheit.ch\/wp-content\/uploads\/2023\/07\/bandeau-traitements.jpg","contentUrl":"https:\/\/www.feinsinn-zahngesundheit.ch\/wp-content\/uploads\/2023\/07\/bandeau-traitements.jpg","width":1920,"height":300},{"@type":"BreadcrumbList","@id":"https:\/\/www.feinsinn-zahngesundheit.ch\/dentisterie-biologique\/traiter-les-maladies-parodontales-def\/#breadcrumb","itemListElement":[{"@type":"ListItem","position":1,"name":"Home","item":"https:\/\/www.feinsinn-zahngesundheit.ch\/"},{"@type":"ListItem","position":2,"name":"Medecine dentaire biologique int\u00e9grative","item":"https:\/\/www.feinsinn-zahngesundheit.ch\/dentisterie-biologique\/"},{"@type":"ListItem","position":3,"name":"Traiter les maladies parodontales"}]},{"@type":"WebSite","@id":"https:\/\/www.feinsinn-zahngesundheit.ch\/#website","url":"https:\/\/www.feinsinn-zahngesundheit.ch\/","name":"Feinsinn","description":"","publisher":{"@id":"https:\/\/www.feinsinn-zahngesundheit.ch\/#organization"},"potentialAction":[{"@type":"SearchAction","target":{"@type":"EntryPoint","urlTemplate":"https:\/\/www.feinsinn-zahngesundheit.ch\/?s={search_term_string}"},"query-input":{"@type":"PropertyValueSpecification","valueRequired":true,"valueName":"search_term_string"}}],"inLanguage":"fr-FR"},{"@type":"Organization","@id":"https:\/\/www.feinsinn-zahngesundheit.ch\/#organization","name":"Feinsinn","url":"https:\/\/www.feinsinn-zahngesundheit.ch\/","logo":{"@type":"ImageObject","inLanguage":"fr-FR","@id":"https:\/\/www.feinsinn-zahngesundheit.ch\/#\/schema\/logo\/image\/","url":"https:\/\/www.feinsinn-zahngesundheit.ch\/wp-content\/uploads\/2023\/06\/logo_feinsinn_rvb.png","contentUrl":"https:\/\/www.feinsinn-zahngesundheit.ch\/wp-content\/uploads\/2023\/06\/logo_feinsinn_rvb.png","width":1000,"height":335,"caption":"Feinsinn"},"image":{"@id":"https:\/\/www.feinsinn-zahngesundheit.ch\/#\/schema\/logo\/image\/"}}]}},"_links":{"self":[{"href":"https:\/\/www.feinsinn-zahngesundheit.ch\/fr\/wp-json\/wp\/v2\/pages\/4163","targetHints":{"allow":["GET"]}}],"collection":[{"href":"https:\/\/www.feinsinn-zahngesundheit.ch\/fr\/wp-json\/wp\/v2\/pages"}],"about":[{"href":"https:\/\/www.feinsinn-zahngesundheit.ch\/fr\/wp-json\/wp\/v2\/types\/page"}],"author":[{"embeddable":true,"href":"https:\/\/www.feinsinn-zahngesundheit.ch\/fr\/wp-json\/wp\/v2\/users\/1"}],"replies":[{"embeddable":true,"href":"https:\/\/www.feinsinn-zahngesundheit.ch\/fr\/wp-json\/wp\/v2\/comments?post=4163"}],"version-history":[{"count":6,"href":"https:\/\/www.feinsinn-zahngesundheit.ch\/fr\/wp-json\/wp\/v2\/pages\/4163\/revisions"}],"predecessor-version":[{"id":4228,"href":"https:\/\/www.feinsinn-zahngesundheit.ch\/fr\/wp-json\/wp\/v2\/pages\/4163\/revisions\/4228"}],"up":[{"embeddable":true,"href":"https:\/\/www.feinsinn-zahngesundheit.ch\/fr\/wp-json\/wp\/v2\/pages\/2933"}],"wp:featuredmedia":[{"embeddable":true,"href":"https:\/\/www.feinsinn-zahngesundheit.ch\/fr\/wp-json\/wp\/v2\/media\/3427"}],"wp:attachment":[{"href":"https:\/\/www.feinsinn-zahngesundheit.ch\/fr\/wp-json\/wp\/v2\/media?parent=4163"}],"curies":[{"name":"wp","href":"https:\/\/api.w.org\/{rel}","templated":true}]}}