{"id":4219,"date":"2023-11-27T09:01:31","date_gmt":"2023-11-27T08:01:31","guid":{"rendered":"https:\/\/www.feinsinn-zahngesundheit.ch\/?page_id=4219"},"modified":"2023-11-27T09:12:06","modified_gmt":"2023-11-27T08:12:06","slug":"les-dents-devitalisees","status":"publish","type":"page","link":"https:\/\/www.feinsinn-zahngesundheit.ch\/fr\/les-dents-devitalisees\/","title":{"rendered":"Les dents d\u00e9vitalis\u00e9es"},"content":{"rendered":"\t\t<div data-elementor-type=\"wp-page\" data-elementor-id=\"4219\" class=\"elementor elementor-4219\" data-elementor-post-type=\"page\">\n\t\t\t\t\t\t<section class=\"elementor-section elementor-top-section elementor-element elementor-element-6b840d2 elementor-section-height-min-height elementor-section-boxed elementor-section-height-default elementor-section-items-middle\" data-id=\"6b840d2\" data-element_type=\"section\" data-e-type=\"section\" data-settings=\"{&quot;background_background&quot;:&quot;classic&quot;,&quot;jet_parallax_layout_list&quot;:[]}\">\n\t\t\t\t\t\t<div class=\"elementor-container elementor-column-gap-default\">\n\t\t\t\t\t<div class=\"elementor-column elementor-col-100 elementor-top-column elementor-element elementor-element-dd342bc\" data-id=\"dd342bc\" data-element_type=\"column\" data-e-type=\"column\">\n\t\t\t<div class=\"elementor-widget-wrap elementor-element-populated\">\n\t\t\t\t\t\t<div class=\"elementor-element elementor-element-aab3dae elementor-widget elementor-widget-breadcrumbs\" data-id=\"aab3dae\" data-element_type=\"widget\" data-e-type=\"widget\" data-widget_type=\"breadcrumbs.default\">\n\t\t\t\t<div class=\"elementor-widget-container\">\n\t\t\t\t\t<p id=\"breadcrumbs\"><span><span><a href=\"https:\/\/www.feinsinn-zahngesundheit.ch\/\">Home<\/a><\/span><\/span><\/p>\t\t\t\t<\/div>\n\t\t\t\t<\/div>\n\t\t\t\t\t<\/div>\n\t\t<\/div>\n\t\t\t\t\t<\/div>\n\t\t<\/section>\n\t\t\t\t<section class=\"elementor-section elementor-top-section elementor-element elementor-element-1a37647 elementor-reverse-tablet elementor-reverse-mobile elementor-section-boxed elementor-section-height-default elementor-section-height-default\" data-id=\"1a37647\" data-element_type=\"section\" data-e-type=\"section\" data-settings=\"{&quot;jet_parallax_layout_list&quot;:[]}\">\n\t\t\t\t\t\t<div class=\"elementor-container elementor-column-gap-default\">\n\t\t\t\t\t<div class=\"elementor-column elementor-col-50 elementor-top-column elementor-element elementor-element-ea50481\" data-id=\"ea50481\" data-element_type=\"column\" data-e-type=\"column\">\n\t\t\t<div class=\"elementor-widget-wrap elementor-element-populated\">\n\t\t\t\t\t\t<div class=\"elementor-element elementor-element-7163f0f elementor-widget elementor-widget-image\" data-id=\"7163f0f\" data-element_type=\"widget\" data-e-type=\"widget\" data-widget_type=\"image.default\">\n\t\t\t\t<div class=\"elementor-widget-container\">\n\t\t\t\t\t\t\t\t\t\t\t\t\t\t\t<img fetchpriority=\"high\" decoding=\"async\" width=\"640\" height=\"335\" src=\"https:\/\/www.feinsinn-zahngesundheit.ch\/wp-content\/uploads\/2021\/09\/services-details-2-1024x536.jpg\" class=\"attachment-large size-large wp-image-1108\" alt=\"\" srcset=\"https:\/\/www.feinsinn-zahngesundheit.ch\/wp-content\/uploads\/2021\/09\/services-details-2-1024x536.jpg 1024w, https:\/\/www.feinsinn-zahngesundheit.ch\/wp-content\/uploads\/2021\/09\/services-details-2-300x157.jpg 300w, https:\/\/www.feinsinn-zahngesundheit.ch\/wp-content\/uploads\/2021\/09\/services-details-2-768x402.jpg 768w, https:\/\/www.feinsinn-zahngesundheit.ch\/wp-content\/uploads\/2021\/09\/services-details-2.jpg 1050w\" sizes=\"(max-width: 640px) 100vw, 640px\" \/>\t\t\t\t\t\t\t\t\t\t\t\t\t\t\t<\/div>\n\t\t\t\t<\/div>\n\t\t\t\t\t<\/div>\n\t\t<\/div>\n\t\t\t\t<div class=\"elementor-column elementor-col-50 elementor-top-column elementor-element elementor-element-8b8af75\" data-id=\"8b8af75\" data-element_type=\"column\" data-e-type=\"column\">\n\t\t\t<div class=\"elementor-widget-wrap elementor-element-populated\">\n\t\t\t\t\t\t<div class=\"elementor-element elementor-element-899e008 elementor-widget elementor-widget-heading\" data-id=\"899e008\" data-element_type=\"widget\" data-e-type=\"widget\" data-widget_type=\"heading.default\">\n\t\t\t\t<div class=\"elementor-widget-container\">\n\t\t\t\t\t<h2 class=\"elementor-heading-title elementor-size-xl\">Les dents d\u00e9vitalis\u00e9es<\/h2>\t\t\t\t<\/div>\n\t\t\t\t<\/div>\n\t\t\t\t<div class=\"elementor-element elementor-element-38572e7 elementor-widget-divider--view-line elementor-widget elementor-widget-divider\" data-id=\"38572e7\" data-element_type=\"widget\" data-e-type=\"widget\" data-widget_type=\"divider.default\">\n\t\t\t\t<div class=\"elementor-widget-container\">\n\t\t\t\t\t\t\t<div class=\"elementor-divider\">\n\t\t\t<span class=\"elementor-divider-separator\">\n\t\t\t\t\t\t<\/span>\n\t\t<\/div>\n\t\t\t\t\t\t<\/div>\n\t\t\t\t<\/div>\n\t\t\t\t<div class=\"elementor-element elementor-element-897b767 elementor-widget elementor-widget-text-editor\" data-id=\"897b767\" data-element_type=\"widget\" data-e-type=\"widget\" data-widget_type=\"text-editor.default\">\n\t\t\t\t<div class=\"elementor-widget-container\">\n\t\t\t\t\t\t\t\t\t<p style=\"font-family: var(--headingFontfamily); font-weight: 500; font-size: 1.5rem; margin-top: 0; margin-bottom: 0.5rem; line-height: 1.2;\"><span style=\"font-weight: 400;\">Si la dent d\u00e9vitalis\u00e9e est toxique et qu\u2019il est d\u00e9cid\u00e9 de la retirer, nous pratiquons son extraction en pr\u00e9servant le maximum d\u2019os, fin de pouvoir la remplacer imm\u00e9diatement ou plus tard par une couronne sur un implant en Zircone. <\/span><\/p>\t\t\t\t\t\t\t\t<\/div>\n\t\t\t\t<\/div>\n\t\t\t\t<div class=\"elementor-element elementor-element-cc2a9af elementor-widget elementor-widget-text-editor\" data-id=\"cc2a9af\" data-element_type=\"widget\" data-e-type=\"widget\" data-widget_type=\"text-editor.default\">\n\t\t\t\t<div class=\"elementor-widget-container\">\n\t\t\t\t\t\t\t\t\t<p>Nous r\u00e9alisons cette intervention \u00e0 l\u2019aide de la <a href=\"https:\/\/www.feinsinn-zahngesundheit.ch\/dentisterie-biologique\/la-piezochirurgie\/\">piezochirurgie<\/a> pour prot\u00e9ger les tissus mous (nerfs, membrane sinusienne).<br \/>Nous nous servons de <a href=\"https:\/\/www.feinsinn-zahngesundheit.ch\/dentisterie-biologique\/ozone\/\">l\u2019ozone<\/a> pour d\u00e9sinfecter la cavit\u00e9 et stimuler le saignement r\u00e9parateur.<br \/>Nous comblons la cavit\u00e9 par des membranes de <a href=\"https:\/\/www.feinsinn-zahngesundheit.ch\/fr\/dentisterie-biologique\/a-prf\/\">A-PRF<\/a> pour stimuler la cicatrisation.<\/p>\t\t\t\t\t\t\t\t<\/div>\n\t\t\t\t<\/div>\n\t\t\t\t\t<\/div>\n\t\t<\/div>\n\t\t\t\t\t<\/div>\n\t\t<\/section>\n\t\t\t\t<\/div>\n\t\t","protected":false},"excerpt":{"rendered":"<p>Les dents d\u00e9vitalis\u00e9es Si la dent d\u00e9vitalis\u00e9e est toxique et qu\u2019il est d\u00e9cid\u00e9 de la retirer, nous pratiquons son extraction en pr\u00e9servant le maximum d\u2019os, fin de pouvoir la remplacer imm\u00e9diatement ou plus tard par une couronne sur un implant en Zircone. Nous r\u00e9alisons cette intervention \u00e0 l\u2019aide de la piezochirurgie pour prot\u00e9ger les tissus <\/p>\n","protected":false},"author":1,"featured_media":3427,"parent":0,"menu_order":0,"comment_status":"closed","ping_status":"closed","template":"elementor_header_footer","meta":{"footnotes":""},"class_list":["post-4219","page","type-page","status-publish","has-post-thumbnail","hentry"],"acf":[],"yoast_head":"<!-- This site is optimized with the Yoast SEO plugin v27.3 - https:\/\/yoast.com\/product\/yoast-seo-wordpress\/ -->\n<title>Les dents d\u00e9vitalis\u00e9es - Feinsinn<\/title>\n<meta name=\"robots\" content=\"index, follow, max-snippet:-1, max-image-preview:large, max-video-preview:-1\" \/>\n<link rel=\"canonical\" href=\"https:\/\/www.feinsinn-zahngesundheit.ch\/fr\/les-dents-devitalisees\/\" \/>\n<meta property=\"og:locale\" content=\"fr_FR\" \/>\n<meta property=\"og:type\" content=\"article\" \/>\n<meta property=\"og:title\" content=\"Les dents d\u00e9vitalis\u00e9es - Feinsinn\" \/>\n<meta property=\"og:description\" content=\"Les dents d\u00e9vitalis\u00e9es Si la dent d\u00e9vitalis\u00e9e est toxique et qu\u2019il est d\u00e9cid\u00e9 de la retirer, nous pratiquons son extraction en pr\u00e9servant le maximum d\u2019os, fin de pouvoir la remplacer imm\u00e9diatement ou plus tard par une couronne sur un implant en Zircone. Nous r\u00e9alisons cette intervention \u00e0 l\u2019aide de la piezochirurgie pour prot\u00e9ger les tissus\" \/>\n<meta property=\"og:url\" content=\"https:\/\/www.feinsinn-zahngesundheit.ch\/fr\/les-dents-devitalisees\/\" \/>\n<meta property=\"og:site_name\" content=\"Feinsinn\" \/>\n<meta property=\"article:modified_time\" content=\"2023-11-27T08:12:06+00:00\" \/>\n<meta property=\"og:image\" content=\"https:\/\/www.feinsinn-zahngesundheit.ch\/wp-content\/uploads\/2023\/07\/bandeau-traitements.jpg\" \/>\n\t<meta property=\"og:image:width\" content=\"1920\" \/>\n\t<meta property=\"og:image:height\" content=\"300\" \/>\n\t<meta property=\"og:image:type\" content=\"image\/jpeg\" \/>\n<meta name=\"twitter:card\" content=\"summary_large_image\" \/>\n<meta name=\"twitter:label1\" content=\"Dur\u00e9e de lecture estim\u00e9e\" \/>\n\t<meta name=\"twitter:data1\" content=\"1 minute\" \/>\n<script type=\"application\/ld+json\" class=\"yoast-schema-graph\">{\"@context\":\"https:\\\/\\\/schema.org\",\"@graph\":[{\"@type\":\"WebPage\",\"@id\":\"https:\\\/\\\/www.feinsinn-zahngesundheit.ch\\\/les-dents-devitalisees\\\/\",\"url\":\"https:\\\/\\\/www.feinsinn-zahngesundheit.ch\\\/les-dents-devitalisees\\\/\",\"name\":\"Les dents d\u00e9vitalis\u00e9es - Feinsinn\",\"isPartOf\":{\"@id\":\"https:\\\/\\\/www.feinsinn-zahngesundheit.ch\\\/#website\"},\"primaryImageOfPage\":{\"@id\":\"https:\\\/\\\/www.feinsinn-zahngesundheit.ch\\\/les-dents-devitalisees\\\/#primaryimage\"},\"image\":{\"@id\":\"https:\\\/\\\/www.feinsinn-zahngesundheit.ch\\\/les-dents-devitalisees\\\/#primaryimage\"},\"thumbnailUrl\":\"https:\\\/\\\/www.feinsinn-zahngesundheit.ch\\\/wp-content\\\/uploads\\\/2023\\\/07\\\/bandeau-traitements.jpg\",\"datePublished\":\"2023-11-27T08:01:31+00:00\",\"dateModified\":\"2023-11-27T08:12:06+00:00\",\"breadcrumb\":{\"@id\":\"https:\\\/\\\/www.feinsinn-zahngesundheit.ch\\\/les-dents-devitalisees\\\/#breadcrumb\"},\"inLanguage\":\"fr-FR\",\"potentialAction\":[{\"@type\":\"ReadAction\",\"target\":[\"https:\\\/\\\/www.feinsinn-zahngesundheit.ch\\\/les-dents-devitalisees\\\/\"]}]},{\"@type\":\"ImageObject\",\"inLanguage\":\"fr-FR\",\"@id\":\"https:\\\/\\\/www.feinsinn-zahngesundheit.ch\\\/les-dents-devitalisees\\\/#primaryimage\",\"url\":\"https:\\\/\\\/www.feinsinn-zahngesundheit.ch\\\/wp-content\\\/uploads\\\/2023\\\/07\\\/bandeau-traitements.jpg\",\"contentUrl\":\"https:\\\/\\\/www.feinsinn-zahngesundheit.ch\\\/wp-content\\\/uploads\\\/2023\\\/07\\\/bandeau-traitements.jpg\",\"width\":1920,\"height\":300},{\"@type\":\"BreadcrumbList\",\"@id\":\"https:\\\/\\\/www.feinsinn-zahngesundheit.ch\\\/les-dents-devitalisees\\\/#breadcrumb\",\"itemListElement\":[{\"@type\":\"ListItem\",\"position\":1,\"name\":\"Home\",\"item\":\"https:\\\/\\\/www.feinsinn-zahngesundheit.ch\\\/\"},{\"@type\":\"ListItem\",\"position\":2,\"name\":\"Les dents d\u00e9vitalis\u00e9es\"}]},{\"@type\":\"WebSite\",\"@id\":\"https:\\\/\\\/www.feinsinn-zahngesundheit.ch\\\/#website\",\"url\":\"https:\\\/\\\/www.feinsinn-zahngesundheit.ch\\\/\",\"name\":\"Feinsinn\",\"description\":\"\",\"publisher\":{\"@id\":\"https:\\\/\\\/www.feinsinn-zahngesundheit.ch\\\/#organization\"},\"potentialAction\":[{\"@type\":\"SearchAction\",\"target\":{\"@type\":\"EntryPoint\",\"urlTemplate\":\"https:\\\/\\\/www.feinsinn-zahngesundheit.ch\\\/?s={search_term_string}\"},\"query-input\":{\"@type\":\"PropertyValueSpecification\",\"valueRequired\":true,\"valueName\":\"search_term_string\"}}],\"inLanguage\":\"fr-FR\"},{\"@type\":\"Organization\",\"@id\":\"https:\\\/\\\/www.feinsinn-zahngesundheit.ch\\\/#organization\",\"name\":\"Feinsinn\",\"url\":\"https:\\\/\\\/www.feinsinn-zahngesundheit.ch\\\/\",\"logo\":{\"@type\":\"ImageObject\",\"inLanguage\":\"fr-FR\",\"@id\":\"https:\\\/\\\/www.feinsinn-zahngesundheit.ch\\\/#\\\/schema\\\/logo\\\/image\\\/\",\"url\":\"https:\\\/\\\/www.feinsinn-zahngesundheit.ch\\\/wp-content\\\/uploads\\\/2023\\\/06\\\/logo_feinsinn_rvb.png\",\"contentUrl\":\"https:\\\/\\\/www.feinsinn-zahngesundheit.ch\\\/wp-content\\\/uploads\\\/2023\\\/06\\\/logo_feinsinn_rvb.png\",\"width\":1000,\"height\":335,\"caption\":\"Feinsinn\"},\"image\":{\"@id\":\"https:\\\/\\\/www.feinsinn-zahngesundheit.ch\\\/#\\\/schema\\\/logo\\\/image\\\/\"}}]}<\/script>\n<!-- \/ Yoast SEO plugin. -->","yoast_head_json":{"title":"Les dents d\u00e9vitalis\u00e9es - Feinsinn","robots":{"index":"index","follow":"follow","max-snippet":"max-snippet:-1","max-image-preview":"max-image-preview:large","max-video-preview":"max-video-preview:-1"},"canonical":"https:\/\/www.feinsinn-zahngesundheit.ch\/fr\/les-dents-devitalisees\/","og_locale":"fr_FR","og_type":"article","og_title":"Les dents d\u00e9vitalis\u00e9es - Feinsinn","og_description":"Les dents d\u00e9vitalis\u00e9es Si la dent d\u00e9vitalis\u00e9e est toxique et qu\u2019il est d\u00e9cid\u00e9 de la retirer, nous pratiquons son extraction en pr\u00e9servant le maximum d\u2019os, fin de pouvoir la remplacer imm\u00e9diatement ou plus tard par une couronne sur un implant en Zircone. Nous r\u00e9alisons cette intervention \u00e0 l\u2019aide de la piezochirurgie pour prot\u00e9ger les tissus","og_url":"https:\/\/www.feinsinn-zahngesundheit.ch\/fr\/les-dents-devitalisees\/","og_site_name":"Feinsinn","article_modified_time":"2023-11-27T08:12:06+00:00","og_image":[{"width":1920,"height":300,"url":"https:\/\/www.feinsinn-zahngesundheit.ch\/wp-content\/uploads\/2023\/07\/bandeau-traitements.jpg","type":"image\/jpeg"}],"twitter_card":"summary_large_image","twitter_misc":{"Dur\u00e9e de lecture estim\u00e9e":"1 minute"},"schema":{"@context":"https:\/\/schema.org","@graph":[{"@type":"WebPage","@id":"https:\/\/www.feinsinn-zahngesundheit.ch\/les-dents-devitalisees\/","url":"https:\/\/www.feinsinn-zahngesundheit.ch\/les-dents-devitalisees\/","name":"Les dents d\u00e9vitalis\u00e9es - Feinsinn","isPartOf":{"@id":"https:\/\/www.feinsinn-zahngesundheit.ch\/#website"},"primaryImageOfPage":{"@id":"https:\/\/www.feinsinn-zahngesundheit.ch\/les-dents-devitalisees\/#primaryimage"},"image":{"@id":"https:\/\/www.feinsinn-zahngesundheit.ch\/les-dents-devitalisees\/#primaryimage"},"thumbnailUrl":"https:\/\/www.feinsinn-zahngesundheit.ch\/wp-content\/uploads\/2023\/07\/bandeau-traitements.jpg","datePublished":"2023-11-27T08:01:31+00:00","dateModified":"2023-11-27T08:12:06+00:00","breadcrumb":{"@id":"https:\/\/www.feinsinn-zahngesundheit.ch\/les-dents-devitalisees\/#breadcrumb"},"inLanguage":"fr-FR","potentialAction":[{"@type":"ReadAction","target":["https:\/\/www.feinsinn-zahngesundheit.ch\/les-dents-devitalisees\/"]}]},{"@type":"ImageObject","inLanguage":"fr-FR","@id":"https:\/\/www.feinsinn-zahngesundheit.ch\/les-dents-devitalisees\/#primaryimage","url":"https:\/\/www.feinsinn-zahngesundheit.ch\/wp-content\/uploads\/2023\/07\/bandeau-traitements.jpg","contentUrl":"https:\/\/www.feinsinn-zahngesundheit.ch\/wp-content\/uploads\/2023\/07\/bandeau-traitements.jpg","width":1920,"height":300},{"@type":"BreadcrumbList","@id":"https:\/\/www.feinsinn-zahngesundheit.ch\/les-dents-devitalisees\/#breadcrumb","itemListElement":[{"@type":"ListItem","position":1,"name":"Home","item":"https:\/\/www.feinsinn-zahngesundheit.ch\/"},{"@type":"ListItem","position":2,"name":"Les dents d\u00e9vitalis\u00e9es"}]},{"@type":"WebSite","@id":"https:\/\/www.feinsinn-zahngesundheit.ch\/#website","url":"https:\/\/www.feinsinn-zahngesundheit.ch\/","name":"Feinsinn","description":"","publisher":{"@id":"https:\/\/www.feinsinn-zahngesundheit.ch\/#organization"},"potentialAction":[{"@type":"SearchAction","target":{"@type":"EntryPoint","urlTemplate":"https:\/\/www.feinsinn-zahngesundheit.ch\/?s={search_term_string}"},"query-input":{"@type":"PropertyValueSpecification","valueRequired":true,"valueName":"search_term_string"}}],"inLanguage":"fr-FR"},{"@type":"Organization","@id":"https:\/\/www.feinsinn-zahngesundheit.ch\/#organization","name":"Feinsinn","url":"https:\/\/www.feinsinn-zahngesundheit.ch\/","logo":{"@type":"ImageObject","inLanguage":"fr-FR","@id":"https:\/\/www.feinsinn-zahngesundheit.ch\/#\/schema\/logo\/image\/","url":"https:\/\/www.feinsinn-zahngesundheit.ch\/wp-content\/uploads\/2023\/06\/logo_feinsinn_rvb.png","contentUrl":"https:\/\/www.feinsinn-zahngesundheit.ch\/wp-content\/uploads\/2023\/06\/logo_feinsinn_rvb.png","width":1000,"height":335,"caption":"Feinsinn"},"image":{"@id":"https:\/\/www.feinsinn-zahngesundheit.ch\/#\/schema\/logo\/image\/"}}]}},"_links":{"self":[{"href":"https:\/\/www.feinsinn-zahngesundheit.ch\/fr\/wp-json\/wp\/v2\/pages\/4219","targetHints":{"allow":["GET"]}}],"collection":[{"href":"https:\/\/www.feinsinn-zahngesundheit.ch\/fr\/wp-json\/wp\/v2\/pages"}],"about":[{"href":"https:\/\/www.feinsinn-zahngesundheit.ch\/fr\/wp-json\/wp\/v2\/types\/page"}],"author":[{"embeddable":true,"href":"https:\/\/www.feinsinn-zahngesundheit.ch\/fr\/wp-json\/wp\/v2\/users\/1"}],"replies":[{"embeddable":true,"href":"https:\/\/www.feinsinn-zahngesundheit.ch\/fr\/wp-json\/wp\/v2\/comments?post=4219"}],"version-history":[{"count":13,"href":"https:\/\/www.feinsinn-zahngesundheit.ch\/fr\/wp-json\/wp\/v2\/pages\/4219\/revisions"}],"predecessor-version":[{"id":4235,"href":"https:\/\/www.feinsinn-zahngesundheit.ch\/fr\/wp-json\/wp\/v2\/pages\/4219\/revisions\/4235"}],"wp:featuredmedia":[{"embeddable":true,"href":"https:\/\/www.feinsinn-zahngesundheit.ch\/fr\/wp-json\/wp\/v2\/media\/3427"}],"wp:attachment":[{"href":"https:\/\/www.feinsinn-zahngesundheit.ch\/fr\/wp-json\/wp\/v2\/media?parent=4219"}],"curies":[{"name":"wp","href":"https:\/\/api.w.org\/{rel}","templated":true}]}}